{"id":14283,"date":"2026-07-29T18:02:06","date_gmt":"2026-07-29T16:02:06","guid":{"rendered":"https:\/\/www.ilrumoredellutto.com\/new\/?page_id=14283"},"modified":"2026-09-04T13:30:26","modified_gmt":"2026-09-04T11:30:26","slug":"2026-lode-2","status":"publish","type":"page","link":"https:\/\/www.ilrumoredellutto.com\/new\/2026-lode-2\/","title":{"rendered":"2026 &#8211; Lode"},"content":{"rendered":"\t\t<div data-elementor-type=\"wp-page\" data-elementor-id=\"14283\" class=\"elementor elementor-14283\">\n\t\t\t\t<div class=\"elementor-element elementor-element-f6693e2 e-con-full e-flex e-con e-parent\" data-id=\"f6693e2\" data-element_type=\"container\" data-settings=\"{&quot;background_background&quot;:&quot;classic&quot;,&quot;jet_parallax_layout_list&quot;:[]}\">\n\t\t\t\t<\/div>\n\t\t<div class=\"elementor-element elementor-element-d79f296 e-flex e-con-boxed e-con e-parent\" data-id=\"d79f296\" data-element_type=\"container\" data-settings=\"{&quot;background_background&quot;:&quot;classic&quot;,&quot;jet_parallax_layout_list&quot;:[]}\">\n\t\t\t\t\t<div class=\"e-con-inner\">\n\t\t<div class=\"elementor-element elementor-element-2eaa494 e-con-full e-flex e-con e-child\" data-id=\"2eaa494\" data-element_type=\"container\" data-settings=\"{&quot;background_background&quot;:&quot;classic&quot;,&quot;jet_parallax_layout_list&quot;:[]}\">\n\t\t<div class=\"elementor-element elementor-element-d42b030 e-con-full e-flex e-con e-child\" data-id=\"d42b030\" data-element_type=\"container\" data-settings=\"{&quot;background_background&quot;:&quot;classic&quot;,&quot;jet_parallax_layout_list&quot;:[]}\">\n\t\t<div class=\"elementor-element elementor-element-cb7f9df e-con-full e-flex e-con e-child\" data-id=\"cb7f9df\" data-element_type=\"container\" data-settings=\"{&quot;jet_parallax_layout_list&quot;:[]}\">\n\t\t<div class=\"elementor-element elementor-element-6e6f96f e-flex e-con-boxed e-con e-child\" data-id=\"6e6f96f\" data-element_type=\"container\" data-settings=\"{&quot;jet_parallax_layout_list&quot;:[]}\">\n\t\t\t\t\t<div class=\"e-con-inner\">\n\t\t\t\t<div class=\"elementor-element elementor-element-a30b0c7 elementor-widget elementor-widget-text-editor\" data-id=\"a30b0c7\" data-element_type=\"widget\" data-widget_type=\"text-editor.default\">\n\t\t\t\t<div class=\"elementor-widget-container\">\n\t\t\t<style>\/*! elementor - v3.23.0 - 05-08-2024 *\/\n.elementor-widget-text-editor.elementor-drop-cap-view-stacked .elementor-drop-cap{background-color:#69727d;color:#fff}.elementor-widget-text-editor.elementor-drop-cap-view-framed .elementor-drop-cap{color:#69727d;border:3px solid;background-color:transparent}.elementor-widget-text-editor:not(.elementor-drop-cap-view-default) .elementor-drop-cap{margin-top:8px}.elementor-widget-text-editor:not(.elementor-drop-cap-view-default) .elementor-drop-cap-letter{width:1em;height:1em}.elementor-widget-text-editor .elementor-drop-cap{float:left;text-align:center;line-height:1;font-size:50px}.elementor-widget-text-editor .elementor-drop-cap-letter{display:inline-block}<\/style>\t\t\t\t<h3><span style=\"color: #ffffff;\">PROGRAMMA DEL FESTIVAL<\/span><\/h3><p>Cliccare sulle date sottostanti per espandere e leggere gli eventi della giornata<\/p><p><u>Tutti gli eventi sono ad ingresso libero, escluso quelli segnalati con asterisco<\/u><\/p>\t\t\t\t\t\t<\/div>\n\t\t\t\t<\/div>\n\t\t\t\t\t<\/div>\n\t\t\t\t<\/div>\n\t\t<div class=\"elementor-element elementor-element-b5234fc e-flex e-con-boxed e-con e-child\" data-id=\"b5234fc\" data-element_type=\"container\" data-settings=\"{&quot;background_background&quot;:&quot;classic&quot;,&quot;jet_parallax_layout_list&quot;:[]}\">\n\t\t\t\t\t<div class=\"e-con-inner\">\n\t\t\t\t<div class=\"elementor-element elementor-element-bb005b6 elementor-widget elementor-widget-heading\" data-id=\"bb005b6\" data-element_type=\"widget\" data-widget_type=\"heading.default\">\n\t\t\t\t<div class=\"elementor-widget-container\">\n\t\t\t<style>\/*! elementor - v3.23.0 - 05-08-2024 *\/\n.elementor-heading-title{padding:0;margin:0;line-height:1}.elementor-widget-heading .elementor-heading-title[class*=elementor-size-]>a{color:inherit;font-size:inherit;line-height:inherit}.elementor-widget-heading .elementor-heading-title.elementor-size-small{font-size:15px}.elementor-widget-heading .elementor-heading-title.elementor-size-medium{font-size:19px}.elementor-widget-heading .elementor-heading-title.elementor-size-large{font-size:29px}.elementor-widget-heading .elementor-heading-title.elementor-size-xl{font-size:39px}.elementor-widget-heading .elementor-heading-title.elementor-size-xxl{font-size:59px}<\/style><h4 class=\"elementor-heading-title elementor-size-default\">CONFERENZE STAMPA E ANTEPRIMA<\/h4>\t\t<\/div>\n\t\t\t\t<\/div>\n\t\t\t\t<div class=\"elementor-element elementor-element-2c85d9a elementor-widget elementor-widget-heading\" data-id=\"2c85d9a\" data-element_type=\"widget\" data-widget_type=\"heading.default\">\n\t\t\t\t<div class=\"elementor-widget-container\">\n\t\t\t<h4 class=\"elementor-heading-title elementor-size-default\">11, 15, 17 SETTEMBRE<\/h4>\t\t<\/div>\n\t\t\t\t<\/div>\n\t\t\t\t\t<\/div>\n\t\t\t\t<\/div>\n\t\t\t\t<div class=\"elementor-element elementor-element-28027f9 elementor-widget elementor-widget-raven-advanced-accordion\" data-id=\"28027f9\" data-element_type=\"widget\" data-settings=\"{&quot;collapsible&quot;:&quot;yes&quot;}\" data-widget_type=\"raven-advanced-accordion.default\">\n\t\t\t\t<div class=\"elementor-widget-container\">\n\t\t\t\t\t\t<div id=\"jupiterx-advanced-accordion-wrapper\" class=\"jupiterx-advanced-accordion-wrapper\">\n\t\t\t\t<div class=\"jupiterx-advanced-accordion-inner-wrapper\">\n\t\t\t\t\t\t\t\t\t\t\t\t\t\t<div class=\"jupiterx-single-advanced-accordion-wrapper  jx-ac-first  jx-ac-inactive\" id=\"\" >\n\t\t\t\t<div class=\"jx-single-accordion-header\">\n\t\t\t\t\t<div class=\"jx-single-accordion-header-left\">\n\t\t\t\t\t\t<div class=\"jx-single-accordion-header-icon-toggle-wrapper jx-single-accordion-header-icon-toggle-wrapper-hide\" >\n\t\t\t\t\t\t\t\t\t\t\t\t\t<\/div>\n\t\t\t\t\t\t<span class=\"jx-ac-title\">VENERD\u00ec  11 SETTEMBRE<\/span>\t\t\t\t\t<\/div>\n\t\t\t\t\t<div class=\"jx-single-accordion-header-right\">\n\t\t\t\t\t\t<svg aria-hidden=\"true\" class=\"jx-ac-icon-body-closed jx-ac-toggle-icon e-font-icon-svg e-fas-plus\" viewBox=\"0 0 448 512\" xmlns=\"http:\/\/www.w3.org\/2000\/svg\"><path d=\"M416 208H272V64c0-17.67-14.33-32-32-32h-32c-17.67 0-32 14.33-32 32v144H32c-17.67 0-32 14.33-32 32v32c0 17.67 14.33 32 32 32h144v144c0 17.67 14.33 32 32 32h32c17.67 0 32-14.33 32-32V304h144c17.67 0 32-14.33 32-32v-32c0-17.67-14.33-32-32-32z\"><\/path><\/svg><svg aria-hidden=\"true\" class=\"jx-ac-icon-body-opened jx-ac-toggle-icon e-font-icon-svg e-fas-minus\" viewBox=\"0 0 448 512\" xmlns=\"http:\/\/www.w3.org\/2000\/svg\"><path d=\"M416 208H32c-17.67 0-32 14.33-32 32v32c0 17.67 14.33 32 32 32h384c17.67 0 32-14.33 32-32v-32c0-17.67-14.33-32-32-32z\"><\/path><\/svg>\t\t\t\t\t<\/div>\n\t\t\t\t<\/div>\n\t\t\t\t<div class=\"jx-single-accordion-body  jx-ac-body-none\">\n\t\t\t\t\t<div class=\"jx-ac-content\">\n\t\t\t\t\t\t<div class=\"jx-ac-content-inner-wrapper\">\n\t\t\t\t\t\t\t<div class=\"jupiterx-ac-content-is-editor\"><p><strong>Ore 17.00<\/strong> - Galleria San Ludovico - B.go del Parmigianino 2, \u00a0Parma<\/p><h5>Conferenza Stampa di<em> Lode,<\/em> XX edizione de Il Rumore del Lutto Festival<\/h5><\/div>\t\t\t\t\t\t<\/div>\n\t\t\t\t\t<\/div>\n\t\t\t\t<\/div>\n\t\t\t<\/div>\n\t\t\t\t\t\t\t\t\t\t\t\t\t\t\t\t<div class=\"jupiterx-single-advanced-accordion-wrapper  jx-ac-inactive\" id=\"\" >\n\t\t\t\t<div class=\"jx-single-accordion-header\">\n\t\t\t\t\t<div class=\"jx-single-accordion-header-left\">\n\t\t\t\t\t\t<div class=\"jx-single-accordion-header-icon-toggle-wrapper jx-single-accordion-header-icon-toggle-wrapper-hide\" >\n\t\t\t\t\t\t\t\t\t\t\t\t\t<\/div>\n\t\t\t\t\t\t<span class=\"jx-ac-title\">MARTED\u00ec 15 SETTEMBRE<\/span>\t\t\t\t\t<\/div>\n\t\t\t\t\t<div class=\"jx-single-accordion-header-right\">\n\t\t\t\t\t\t<svg aria-hidden=\"true\" class=\"jx-ac-icon-body-closed jx-ac-toggle-icon e-font-icon-svg e-fas-plus\" viewBox=\"0 0 448 512\" xmlns=\"http:\/\/www.w3.org\/2000\/svg\"><path d=\"M416 208H272V64c0-17.67-14.33-32-32-32h-32c-17.67 0-32 14.33-32 32v144H32c-17.67 0-32 14.33-32 32v32c0 17.67 14.33 32 32 32h144v144c0 17.67 14.33 32 32 32h32c17.67 0 32-14.33 32-32V304h144c17.67 0 32-14.33 32-32v-32c0-17.67-14.33-32-32-32z\"><\/path><\/svg><svg aria-hidden=\"true\" class=\"jx-ac-icon-body-opened jx-ac-toggle-icon e-font-icon-svg e-fas-minus\" viewBox=\"0 0 448 512\" xmlns=\"http:\/\/www.w3.org\/2000\/svg\"><path d=\"M416 208H32c-17.67 0-32 14.33-32 32v32c0 17.67 14.33 32 32 32h384c17.67 0 32-14.33 32-32v-32c0-17.67-14.33-32-32-32z\"><\/path><\/svg>\t\t\t\t\t<\/div>\n\t\t\t\t<\/div>\n\t\t\t\t<div class=\"jx-single-accordion-body  jx-ac-body-none\">\n\t\t\t\t\t<div class=\"jx-ac-content\">\n\t\t\t\t\t\t<div class=\"jx-ac-content-inner-wrapper\">\n\t\t\t\t\t\t\t<div class=\"jupiterx-ac-content-is-editor\"><p><strong>Ore 11.00<\/strong> - Sala Convegni, Croce Verde, Via della Croce Verde 1, Reggio Emilia<\/p><h5>Conferenza Stampa di <em>Lode,<\/em> XX edizione de Il Rumore del Lutto Festival<\/h5><\/div>\t\t\t\t\t\t<\/div>\n\t\t\t\t\t<\/div>\n\t\t\t\t<\/div>\n\t\t\t<\/div>\n\t\t\t\t\t\t\t\t\t\t\t\t\t\t\t\t<div class=\"jupiterx-single-advanced-accordion-wrapper  jx-ac-last  jx-ac-inactive\" id=\"\" >\n\t\t\t\t<div class=\"jx-single-accordion-header\">\n\t\t\t\t\t<div class=\"jx-single-accordion-header-left\">\n\t\t\t\t\t\t<div class=\"jx-single-accordion-header-icon-toggle-wrapper jx-single-accordion-header-icon-toggle-wrapper-hide\" >\n\t\t\t\t\t\t\t\t\t\t\t\t\t<\/div>\n\t\t\t\t\t\t<span class=\"jx-ac-title\">GIOVED\u00ec 17 SETTEMBRE<\/span>\t\t\t\t\t<\/div>\n\t\t\t\t\t<div class=\"jx-single-accordion-header-right\">\n\t\t\t\t\t\t<svg aria-hidden=\"true\" class=\"jx-ac-icon-body-closed jx-ac-toggle-icon e-font-icon-svg e-fas-plus\" viewBox=\"0 0 448 512\" xmlns=\"http:\/\/www.w3.org\/2000\/svg\"><path d=\"M416 208H272V64c0-17.67-14.33-32-32-32h-32c-17.67 0-32 14.33-32 32v144H32c-17.67 0-32 14.33-32 32v32c0 17.67 14.33 32 32 32h144v144c0 17.67 14.33 32 32 32h32c17.67 0 32-14.33 32-32V304h144c17.67 0 32-14.33 32-32v-32c0-17.67-14.33-32-32-32z\"><\/path><\/svg><svg aria-hidden=\"true\" class=\"jx-ac-icon-body-opened jx-ac-toggle-icon e-font-icon-svg e-fas-minus\" viewBox=\"0 0 448 512\" xmlns=\"http:\/\/www.w3.org\/2000\/svg\"><path d=\"M416 208H32c-17.67 0-32 14.33-32 32v32c0 17.67 14.33 32 32 32h384c17.67 0 32-14.33 32-32v-32c0-17.67-14.33-32-32-32z\"><\/path><\/svg>\t\t\t\t\t<\/div>\n\t\t\t\t<\/div>\n\t\t\t\t<div class=\"jx-single-accordion-body  jx-ac-body-none\">\n\t\t\t\t\t<div class=\"jx-ac-content\">\n\t\t\t\t\t\t<div class=\"jx-ac-content-inner-wrapper\">\n\t\t\t\t\t\t\t<div class=\"jupiterx-ac-content-is-editor\"><p><strong>IRDL OLBIA EXPERIENCE<\/strong><\/p><p><strong>Ore 18.30<\/strong> Collina della Porziuncola, Cimitero Su Lizzu, Via Su Lizzu 6, Olbia<\/p><h5>LODE AL TRAMONTO. LA CONTEMPLAZIONE COME GRATITUDINE<\/h5><p><strong>A cura di Caterina Sotgia<br \/><\/strong><strong>Con Francesca Favotto, Daniel Lumera, Don Francesco Fiorillo, Bianca Atzei<\/strong><\/p><p>Con il patrocinio del Comune di Olbia<br \/>In collaborazione e con il sostegno di Gruppo Altair Funeral_Asco<\/p><p><em>I<strong>ngresso gratuito<\/strong><\/em><\/p><\/div>\t\t\t\t\t\t<\/div>\n\t\t\t\t\t<\/div>\n\t\t\t\t<\/div>\n\t\t\t<\/div>\n\t\t\t\t\t\t\t\t\t\t\t<\/div>\n\t\t\t<\/div>\n\t\t\t\t\t<\/div>\n\t\t\t\t<\/div>\n\t\t<div class=\"elementor-element elementor-element-90eacbf e-flex e-con-boxed e-con e-child\" data-id=\"90eacbf\" data-element_type=\"container\" data-settings=\"{&quot;background_background&quot;:&quot;classic&quot;,&quot;jet_parallax_layout_list&quot;:[]}\">\n\t\t\t\t\t<div class=\"e-con-inner\">\n\t\t\t\t<div class=\"elementor-element elementor-element-16f9639 elementor-widget elementor-widget-heading\" data-id=\"16f9639\" data-element_type=\"widget\" data-widget_type=\"heading.default\">\n\t\t\t\t<div class=\"elementor-widget-container\">\n\t\t\t<h4 class=\"elementor-heading-title elementor-size-default\">PROGRAMMA DELLA XX EDIZIONE DEL FESTIVAL<\/h4>\t\t<\/div>\n\t\t\t\t<\/div>\n\t\t\t\t<div class=\"elementor-element elementor-element-78a3dd8 elementor-widget elementor-widget-heading\" data-id=\"78a3dd8\" data-element_type=\"widget\" data-widget_type=\"heading.default\">\n\t\t\t\t<div class=\"elementor-widget-container\">\n\t\t\t<h4 class=\"elementor-heading-title elementor-size-default\">DAL 26 SETTEMBRE AL 15 NOVEMBRE<\/h4>\t\t<\/div>\n\t\t\t\t<\/div>\n\t\t\t\t\t<\/div>\n\t\t\t\t<\/div>\n\t\t\t\t<div class=\"elementor-element elementor-element-864c03e elementor-widget elementor-widget-raven-advanced-accordion\" data-id=\"864c03e\" data-element_type=\"widget\" data-settings=\"{&quot;collapsible&quot;:&quot;yes&quot;}\" data-widget_type=\"raven-advanced-accordion.default\">\n\t\t\t\t<div class=\"elementor-widget-container\">\n\t\t\t\t\t\t<div id=\"jupiterx-advanced-accordion-wrapper\" class=\"jupiterx-advanced-accordion-wrapper\">\n\t\t\t\t<div class=\"jupiterx-advanced-accordion-inner-wrapper\">\n\t\t\t\t\t\t\t\t\t\t\t\t\t\t<div class=\"jupiterx-single-advanced-accordion-wrapper  jx-ac-first  jx-ac-inactive\" id=\"\" >\n\t\t\t\t<div class=\"jx-single-accordion-header\">\n\t\t\t\t\t<div class=\"jx-single-accordion-header-left\">\n\t\t\t\t\t\t<div class=\"jx-single-accordion-header-icon-toggle-wrapper jx-single-accordion-header-icon-toggle-wrapper-hide\" >\n\t\t\t\t\t\t\t\t\t\t\t\t\t<\/div>\n\t\t\t\t\t\t<span class=\"jx-ac-title\">SABATO 26 SETTEMBRE<\/span>\t\t\t\t\t<\/div>\n\t\t\t\t\t<div class=\"jx-single-accordion-header-right\">\n\t\t\t\t\t\t<svg aria-hidden=\"true\" class=\"jx-ac-icon-body-closed jx-ac-toggle-icon e-font-icon-svg e-fas-plus\" viewBox=\"0 0 448 512\" xmlns=\"http:\/\/www.w3.org\/2000\/svg\"><path d=\"M416 208H272V64c0-17.67-14.33-32-32-32h-32c-17.67 0-32 14.33-32 32v144H32c-17.67 0-32 14.33-32 32v32c0 17.67 14.33 32 32 32h144v144c0 17.67 14.33 32 32 32h32c17.67 0 32-14.33 32-32V304h144c17.67 0 32-14.33 32-32v-32c0-17.67-14.33-32-32-32z\"><\/path><\/svg><svg aria-hidden=\"true\" class=\"jx-ac-icon-body-opened jx-ac-toggle-icon e-font-icon-svg e-fas-minus\" viewBox=\"0 0 448 512\" xmlns=\"http:\/\/www.w3.org\/2000\/svg\"><path d=\"M416 208H32c-17.67 0-32 14.33-32 32v32c0 17.67 14.33 32 32 32h384c17.67 0 32-14.33 32-32v-32c0-17.67-14.33-32-32-32z\"><\/path><\/svg>\t\t\t\t\t<\/div>\n\t\t\t\t<\/div>\n\t\t\t\t<div class=\"jx-single-accordion-body  jx-ac-body-none\">\n\t\t\t\t\t<div class=\"jx-ac-content\">\n\t\t\t\t\t\t<div class=\"jx-ac-content-inner-wrapper\">\n\t\t\t\t\t\t\t<div class=\"jupiterx-ac-content-is-editor\"><p><strong>Ore 21.00<\/strong> Auditorium Paganini, Via Toscana 5, Parma *<\/p><p><strong>INAUGURAZIONE XX EDIZIONE DE IL RUMORE DEL LUTTO FESTIVAL<\/strong><\/p><h5>DIAMANDA GALAS IN CONCERTO<\/h5><p><strong>Circuito TicketOne<\/strong><br \/><strong>Biglietti a partire da 49,00\u20ac<\/strong><\/p><p>Info: <a href=\"mailto:irdlbiglietteria@gmail.com\">irdlbiglietteria@gmail.com<\/a><\/p><p>Evento realizzato con il contributo di Regione Emilia Romagna<br \/>Grazie al supporto di Fondazione Cariparma<br \/>Grazie al contributo di Fondazione Monteparma<br \/>Con il sostegno di Ade Servizi Srl<\/p><\/div>\t\t\t\t\t\t<\/div>\n\t\t\t\t\t<\/div>\n\t\t\t\t<\/div>\n\t\t\t<\/div>\n\t\t\t\t\t\t\t\t\t\t\t\t\t\t\t\t<div class=\"jupiterx-single-advanced-accordion-wrapper  jx-ac-inactive\" id=\"\" >\n\t\t\t\t<div class=\"jx-single-accordion-header\">\n\t\t\t\t\t<div class=\"jx-single-accordion-header-left\">\n\t\t\t\t\t\t<div class=\"jx-single-accordion-header-icon-toggle-wrapper jx-single-accordion-header-icon-toggle-wrapper-hide\" >\n\t\t\t\t\t\t\t\t\t\t\t\t\t<\/div>\n\t\t\t\t\t\t<span class=\"jx-ac-title\">DOMENICA 27 SETTEMBRE<\/span>\t\t\t\t\t<\/div>\n\t\t\t\t\t<div class=\"jx-single-accordion-header-right\">\n\t\t\t\t\t\t<svg aria-hidden=\"true\" class=\"jx-ac-icon-body-closed jx-ac-toggle-icon e-font-icon-svg e-fas-plus\" viewBox=\"0 0 448 512\" xmlns=\"http:\/\/www.w3.org\/2000\/svg\"><path d=\"M416 208H272V64c0-17.67-14.33-32-32-32h-32c-17.67 0-32 14.33-32 32v144H32c-17.67 0-32 14.33-32 32v32c0 17.67 14.33 32 32 32h144v144c0 17.67 14.33 32 32 32h32c17.67 0 32-14.33 32-32V304h144c17.67 0 32-14.33 32-32v-32c0-17.67-14.33-32-32-32z\"><\/path><\/svg><svg aria-hidden=\"true\" class=\"jx-ac-icon-body-opened jx-ac-toggle-icon e-font-icon-svg e-fas-minus\" viewBox=\"0 0 448 512\" xmlns=\"http:\/\/www.w3.org\/2000\/svg\"><path d=\"M416 208H32c-17.67 0-32 14.33-32 32v32c0 17.67 14.33 32 32 32h384c17.67 0 32-14.33 32-32v-32c0-17.67-14.33-32-32-32z\"><\/path><\/svg>\t\t\t\t\t<\/div>\n\t\t\t\t<\/div>\n\t\t\t\t<div class=\"jx-single-accordion-body  jx-ac-body-none\">\n\t\t\t\t\t<div class=\"jx-ac-content\">\n\t\t\t\t\t\t<div class=\"jx-ac-content-inner-wrapper\">\n\t\t\t\t\t\t\t<div class=\"jupiterx-ac-content-is-editor\"><p><strong>Ore 11.00<\/strong> - <strong>IL RUMORE DEL LUTTO ONLINE <\/strong><\/p><h5><strong>LA GRATITUDINE IN UN DIAMANTE. <br \/>Scoprire i diamanti della memoria <\/strong><\/h5><p><strong>Con Elisabetta Corniali e Christina Sponza<\/strong><\/p><p>Evento online realizzato con il contributo di Regione Emilia Romagna<br \/>Grazie al supporto di Fondazione Cariparma<br \/>Grazie al contributo di Fondazione Monteparma<\/p><p><strong>In premi\u00e8re sul canale YouTube del Festival<\/strong><\/p><p>\u00a0<\/p><p><strong>Ore 16.00<\/strong> Galleria Nord, Cimitero Monumentale di Parma, Viale della Villetta 29\/B<\/p><h5>ALL\u2019IMBRUNIRE. LETTURE SCELTE<br \/><em>Rassegna letteraria al Cimitero - V edizione<\/em><\/h5><p><strong>Lode dove la luce \u00e8 silente<br \/><\/strong><strong>Giorgia Tribuiani <\/strong><strong>con Alice Pisu e Antonello Saiz<br \/><\/strong>Passeggiata letteraria<\/p><p>In collaborazione con Libreria Diari di Bordo<br \/>In collaborazione e con il sostegno di Ade SpA Servizi Cimiteriali<br \/>Evento realizzato con il contributo di Regione Emilia Romagna<br \/>Grazie al supporto di Fondazione Cariparma<br \/>Grazie al contributo di Fondazione Monteparma<br \/>Con il sostegno di Ade Servizi Srl<\/p><p>\u00a0<\/p><p><strong>Ore 21.00<\/strong> Auditorium Paganini, Via Toscana 5, Parma *<\/p><h5>MARC ALMOND IN CONCERTO<\/h5><p><strong>Circuito TicketOne<\/strong><br \/><strong>Biglietti a partire da 49,00\u20ac<br \/><\/strong>Info: <a href=\"mailto:irdlbiglietteria@gmail.com\">irdlbiglietteria@gmail.com<\/a><\/p><p>Evento realizzato con il contributo di Regione Emilia Romagna<br \/>Grazie al supporto di Fondazione Cariparma<br \/>Grazie al contributo di Fondazione Monteparma<\/p><\/div>\t\t\t\t\t\t<\/div>\n\t\t\t\t\t<\/div>\n\t\t\t\t<\/div>\n\t\t\t<\/div>\n\t\t\t\t\t\t\t\t\t\t\t\t\t\t\t\t<div class=\"jupiterx-single-advanced-accordion-wrapper  jx-ac-inactive\" id=\"\" >\n\t\t\t\t<div class=\"jx-single-accordion-header\">\n\t\t\t\t\t<div class=\"jx-single-accordion-header-left\">\n\t\t\t\t\t\t<div class=\"jx-single-accordion-header-icon-toggle-wrapper jx-single-accordion-header-icon-toggle-wrapper-hide\" >\n\t\t\t\t\t\t\t\t\t\t\t\t\t<\/div>\n\t\t\t\t\t\t<span class=\"jx-ac-title\">MARTED\u00ec 29 SETTEMBRE<\/span>\t\t\t\t\t<\/div>\n\t\t\t\t\t<div class=\"jx-single-accordion-header-right\">\n\t\t\t\t\t\t<svg aria-hidden=\"true\" class=\"jx-ac-icon-body-closed jx-ac-toggle-icon e-font-icon-svg e-fas-plus\" viewBox=\"0 0 448 512\" xmlns=\"http:\/\/www.w3.org\/2000\/svg\"><path d=\"M416 208H272V64c0-17.67-14.33-32-32-32h-32c-17.67 0-32 14.33-32 32v144H32c-17.67 0-32 14.33-32 32v32c0 17.67 14.33 32 32 32h144v144c0 17.67 14.33 32 32 32h32c17.67 0 32-14.33 32-32V304h144c17.67 0 32-14.33 32-32v-32c0-17.67-14.33-32-32-32z\"><\/path><\/svg><svg aria-hidden=\"true\" class=\"jx-ac-icon-body-opened jx-ac-toggle-icon e-font-icon-svg e-fas-minus\" viewBox=\"0 0 448 512\" xmlns=\"http:\/\/www.w3.org\/2000\/svg\"><path d=\"M416 208H32c-17.67 0-32 14.33-32 32v32c0 17.67 14.33 32 32 32h384c17.67 0 32-14.33 32-32v-32c0-17.67-14.33-32-32-32z\"><\/path><\/svg>\t\t\t\t\t<\/div>\n\t\t\t\t<\/div>\n\t\t\t\t<div class=\"jx-single-accordion-body  jx-ac-body-none\">\n\t\t\t\t\t<div class=\"jx-ac-content\">\n\t\t\t\t\t\t<div class=\"jx-ac-content-inner-wrapper\">\n\t\t\t\t\t\t\t<div class=\"jupiterx-ac-content-is-editor\"><p><strong>Ore 10.00\u00a0<\/strong> Galleria Sud-Est, Cimitero Monumentale di Parma, Viale della Villetta 29\/B<\/p><h5><strong>Rigenerando Cimiteri: Prospettive e scenari a confronto<\/strong><\/h5><p><strong>Convegno a cura dell\u2019Ordine degli Architetti P.P.C. della Provincia di Parma<\/strong><br \/><strong>Con Alessandro Tassi Carboni, Caterina Bonetti, Mauro Felicori, Melissa La Maida, Luigi Bartolomei, Matteo Petronio<\/strong><\/p><p>Evento aperto all\u2019Ordine degli Architetti<br \/>Con crediti formativi<\/p><p>In collaborazione e con il sostegno di Ade SpA Servizi Cimiteriali<br \/>Evento realizzato con il contributo di Regione Emilia Romagna<br \/>Grazie al supporto di Fondazione Cariparma<br \/>Grazie al contributo di Fondazione Monteparma<br \/>Con il sostegno di Ade Servizi Srl<\/p><p>\u00a0<\/p><p><strong>Ore 14.30<\/strong> Galleria Sud-Est, Cimitero Monumentale di Parma, Viale della Villetta 29\/B<\/p><h5>Etica della cura e comunicazione nel tempo del lutto\u00a0\u00a0\u00a0 \u00a0<\/h5><p><strong>Convegno a cura di Mariagrazia Villa<\/strong><br \/><strong>Con Maria Angela Gelati, Antonino Minervino, Giuliano Turrini, Barbara Zallio<\/strong><\/p><p>Evento con crediti formativi aperto all\u2019Ordine dei Giornalisti e alle Professioni Sanitarie<\/p><p>In collaborazione e con il sostegno di Ade SpA Servizi Cimiteriali<br \/>In partnership con ANMIC Parma<br \/>In collaborazione con Ospedale Maria Luigia<br \/>Evento realizzato con il contributo di Regione Emilia Romagna<br \/>Grazie al supporto di Fondazione Cariparma<br \/>Grazie al contributo di Fondazione Monteparma<br \/>Con il sostegno di Ade Servizi Srl<\/p><\/div>\t\t\t\t\t\t<\/div>\n\t\t\t\t\t<\/div>\n\t\t\t\t<\/div>\n\t\t\t<\/div>\n\t\t\t\t\t\t\t\t\t\t\t\t\t\t\t\t<div class=\"jupiterx-single-advanced-accordion-wrapper  jx-ac-inactive\" id=\"\" >\n\t\t\t\t<div class=\"jx-single-accordion-header\">\n\t\t\t\t\t<div class=\"jx-single-accordion-header-left\">\n\t\t\t\t\t\t<div class=\"jx-single-accordion-header-icon-toggle-wrapper jx-single-accordion-header-icon-toggle-wrapper-hide\" >\n\t\t\t\t\t\t\t\t\t\t\t\t\t<\/div>\n\t\t\t\t\t\t<span class=\"jx-ac-title\">GIOVED\u00ec  1 OTTOBRE<\/span>\t\t\t\t\t<\/div>\n\t\t\t\t\t<div class=\"jx-single-accordion-header-right\">\n\t\t\t\t\t\t<svg aria-hidden=\"true\" class=\"jx-ac-icon-body-closed jx-ac-toggle-icon e-font-icon-svg e-fas-plus\" viewBox=\"0 0 448 512\" xmlns=\"http:\/\/www.w3.org\/2000\/svg\"><path d=\"M416 208H272V64c0-17.67-14.33-32-32-32h-32c-17.67 0-32 14.33-32 32v144H32c-17.67 0-32 14.33-32 32v32c0 17.67 14.33 32 32 32h144v144c0 17.67 14.33 32 32 32h32c17.67 0 32-14.33 32-32V304h144c17.67 0 32-14.33 32-32v-32c0-17.67-14.33-32-32-32z\"><\/path><\/svg><svg aria-hidden=\"true\" class=\"jx-ac-icon-body-opened jx-ac-toggle-icon e-font-icon-svg e-fas-minus\" viewBox=\"0 0 448 512\" xmlns=\"http:\/\/www.w3.org\/2000\/svg\"><path d=\"M416 208H32c-17.67 0-32 14.33-32 32v32c0 17.67 14.33 32 32 32h384c17.67 0 32-14.33 32-32v-32c0-17.67-14.33-32-32-32z\"><\/path><\/svg>\t\t\t\t\t<\/div>\n\t\t\t\t<\/div>\n\t\t\t\t<div class=\"jx-single-accordion-body  jx-ac-body-none\">\n\t\t\t\t\t<div class=\"jx-ac-content\">\n\t\t\t\t\t\t<div class=\"jx-ac-content-inner-wrapper\">\n\t\t\t\t\t\t\t<div class=\"jupiterx-ac-content-is-editor\"><p><strong>IRDL GENOVA EXPERIENCE <\/strong><\/p><p><strong>Ore 9.00<\/strong> Fondazione Carige, Via David Chiossone 10, Genova<\/p><h5>CUSTODIRE LA SOGLIA. Il Cerimoniere Interreligioso tra ritualit\u00e0, cura e pluralismo<\/h5><p><strong>Convegno interdisciplinare con tavole rotonde<\/strong><br \/><strong>Con Mario Amore, Rosagemma Ciliberti, Pietro Ciliberti, Elisabetta Colagrossi, Renata Crea, Marco Damonte, Marco Doldi, Maria Galasso, Ivano Malcotti, Camilla Valle Porlezza<\/strong><\/p><p>Partecipano Rita Bruzzone (Assessorato Pari Opportunit\u00e0 del Comune di Genova) ed Emilio Robotti (Assessore Servizi Civici e Diritto Cittadinanza del Comune di Genova)<\/p><p>In partnership con SO.CREM Genova ETS<\/p><\/div>\t\t\t\t\t\t<\/div>\n\t\t\t\t\t<\/div>\n\t\t\t\t<\/div>\n\t\t\t<\/div>\n\t\t\t\t\t\t\t\t\t\t\t\t\t\t\t\t<div class=\"jupiterx-single-advanced-accordion-wrapper  jx-ac-inactive\" id=\"\" >\n\t\t\t\t<div class=\"jx-single-accordion-header\">\n\t\t\t\t\t<div class=\"jx-single-accordion-header-left\">\n\t\t\t\t\t\t<div class=\"jx-single-accordion-header-icon-toggle-wrapper jx-single-accordion-header-icon-toggle-wrapper-hide\" >\n\t\t\t\t\t\t\t\t\t\t\t\t\t<\/div>\n\t\t\t\t\t\t<span class=\"jx-ac-title\">VENERD\u00ec 2 OTTOBRE<\/span>\t\t\t\t\t<\/div>\n\t\t\t\t\t<div class=\"jx-single-accordion-header-right\">\n\t\t\t\t\t\t<svg aria-hidden=\"true\" class=\"jx-ac-icon-body-closed jx-ac-toggle-icon e-font-icon-svg e-fas-plus\" viewBox=\"0 0 448 512\" xmlns=\"http:\/\/www.w3.org\/2000\/svg\"><path d=\"M416 208H272V64c0-17.67-14.33-32-32-32h-32c-17.67 0-32 14.33-32 32v144H32c-17.67 0-32 14.33-32 32v32c0 17.67 14.33 32 32 32h144v144c0 17.67 14.33 32 32 32h32c17.67 0 32-14.33 32-32V304h144c17.67 0 32-14.33 32-32v-32c0-17.67-14.33-32-32-32z\"><\/path><\/svg><svg aria-hidden=\"true\" class=\"jx-ac-icon-body-opened jx-ac-toggle-icon e-font-icon-svg e-fas-minus\" viewBox=\"0 0 448 512\" xmlns=\"http:\/\/www.w3.org\/2000\/svg\"><path d=\"M416 208H32c-17.67 0-32 14.33-32 32v32c0 17.67 14.33 32 32 32h384c17.67 0 32-14.33 32-32v-32c0-17.67-14.33-32-32-32z\"><\/path><\/svg>\t\t\t\t\t<\/div>\n\t\t\t\t<\/div>\n\t\t\t\t<div class=\"jx-single-accordion-body  jx-ac-body-none\">\n\t\t\t\t\t<div class=\"jx-ac-content\">\n\t\t\t\t\t\t<div class=\"jx-ac-content-inner-wrapper\">\n\t\t\t\t\t\t\t<div class=\"jupiterx-ac-content-is-editor\"><p><strong>Ore 21.00<\/strong> Sala Concerti, Casa della Musica, P.le S. Francesco 1, Parma *<\/p><h5>HAND TO MOUTH<br \/>Keeley Forsyth &amp; Matthew Bourne in Concerto<\/h5><p><strong>Circuito TicketOne<\/strong><br \/><strong>Biglietti 34,50\u20ac (posto unico)<\/strong><\/p><p><strong>Ingresso in Sala dalle ore 20.00<\/strong><\/p><p>Info: <a href=\"mailto:irdlbiglietteria@gmail.com\">irdlbiglietteria@gmail.com<\/a><\/p><p>Evento realizzato con il contributo di Regione Emilia Romagna<br \/>Grazie al supporto di Fondazione Cariparma<br \/>Grazie al contributo di Fondazione Monteparma<br \/>Con il sostegno di Ade Servizi Srl<\/p><\/div>\t\t\t\t\t\t<\/div>\n\t\t\t\t\t<\/div>\n\t\t\t\t<\/div>\n\t\t\t<\/div>\n\t\t\t\t\t\t\t\t\t\t\t\t\t\t\t\t<div class=\"jupiterx-single-advanced-accordion-wrapper  jx-ac-last  jx-ac-inactive\" id=\"\" >\n\t\t\t\t<div class=\"jx-single-accordion-header\">\n\t\t\t\t\t<div class=\"jx-single-accordion-header-left\">\n\t\t\t\t\t\t<div class=\"jx-single-accordion-header-icon-toggle-wrapper jx-single-accordion-header-icon-toggle-wrapper-hide\" >\n\t\t\t\t\t\t\t\t\t\t\t\t\t<\/div>\n\t\t\t\t\t\t<span class=\"jx-ac-title\">SABATO 3 OTTOBRE<\/span>\t\t\t\t\t<\/div>\n\t\t\t\t\t<div class=\"jx-single-accordion-header-right\">\n\t\t\t\t\t\t<svg aria-hidden=\"true\" class=\"jx-ac-icon-body-closed jx-ac-toggle-icon e-font-icon-svg e-fas-plus\" viewBox=\"0 0 448 512\" xmlns=\"http:\/\/www.w3.org\/2000\/svg\"><path d=\"M416 208H272V64c0-17.67-14.33-32-32-32h-32c-17.67 0-32 14.33-32 32v144H32c-17.67 0-32 14.33-32 32v32c0 17.67 14.33 32 32 32h144v144c0 17.67 14.33 32 32 32h32c17.67 0 32-14.33 32-32V304h144c17.67 0 32-14.33 32-32v-32c0-17.67-14.33-32-32-32z\"><\/path><\/svg><svg aria-hidden=\"true\" class=\"jx-ac-icon-body-opened jx-ac-toggle-icon e-font-icon-svg e-fas-minus\" viewBox=\"0 0 448 512\" xmlns=\"http:\/\/www.w3.org\/2000\/svg\"><path d=\"M416 208H32c-17.67 0-32 14.33-32 32v32c0 17.67 14.33 32 32 32h384c17.67 0 32-14.33 32-32v-32c0-17.67-14.33-32-32-32z\"><\/path><\/svg>\t\t\t\t\t<\/div>\n\t\t\t\t<\/div>\n\t\t\t\t<div class=\"jx-single-accordion-body  jx-ac-body-none\">\n\t\t\t\t\t<div class=\"jx-ac-content\">\n\t\t\t\t\t\t<div class=\"jx-ac-content-inner-wrapper\">\n\t\t\t\t\t\t\t<div class=\"jupiterx-ac-content-is-editor\"><p><strong>Ore 11.00<\/strong> - <strong>IL RUMORE DEL LUTTO ONLINE<\/strong><\/p><h5>LAUDATO SII. PER UN TEMPO NUOVO. <br \/>IL PARCO BOSCO ANIMA MUNDI<\/h5><p><strong>Con \u00a0Elena De Rossi, Roberto Giordani, Andrea Mati, Chiara Ometto, Gaetano Tassone<\/strong><\/p><p>In collaborazione con Parco Bosco Anima Mundi Aps<br \/>Evento online realizzato con il contributo di Regione Emilia Romagna<br \/>Grazie al supporto di Fondazione Cariparma<br \/>Grazie al contributo di Fondazione Monteparma<\/p><p>In premi\u00e8re sul canale YouTube del Festival<\/p><p>\u00a0<\/p><p><strong>Ore 18.00<\/strong> Galleria San Ludovico, B.go del Parmigianino 2, Parma<\/p><h5>GALA IN NERO. LODE<\/h5><p><strong>Introduce Mathias Mocci<\/strong><\/p><p>A seguire<\/p><h5>MEMENTO CAF\u00c8<\/h5><p><strong>Con Maria Angela Gelati e Lisa Martignetti<\/strong><\/p><p>Si prosegue con<\/p><h5>KIRLIAN CAMERA IN CONCERTO<\/h5><p>A seguire<\/p><h5>DJ Set con Marco Pipitone e Giuseppe Lo Bue<\/h5><p><strong>Prenotazione obbligatoria<\/strong><\/p><p>Iscrizioni: <a href=\"mailto:irdlbiglietteria@gmail.com\">irdlbiglietteria@gmail.com<\/a><\/p><p>Ingresso Up to You <em>(decidi tu liberamente quanto pagare)<\/em><\/p><p>In partnership con Verdi OFF e Video Type<\/p><p><strong>Fino ad esaurimento posti<\/strong><\/p><p>Evento realizzato con il contributo di Regione Emilia Romagna<br \/>Grazie al supporto di Fondazione Cariparma<br \/>Grazie al contributo di Fondazione Monteparma<br \/>Con il sostegno di Ade Servizi Srl e Apiemme Engineering Srl<\/p><\/div>\t\t\t\t\t\t<\/div>\n\t\t\t\t\t<\/div>\n\t\t\t\t<\/div>\n\t\t\t<\/div>\n\t\t\t\t\t\t\t\t\t\t\t<\/div>\n\t\t\t<\/div>\n\t\t\t\t\t<\/div>\n\t\t\t\t<\/div>\n\t\t\t\t<div class=\"elementor-element elementor-element-4eeed4a elementor-widget elementor-widget-heading\" data-id=\"4eeed4a\" data-element_type=\"widget\" data-widget_type=\"heading.default\">\n\t\t\t\t<div class=\"elementor-widget-container\">\n\t\t\t<h2 class=\"elementor-heading-title elementor-size-default\">PROGRAMMA IN FASE DI AGGIORNAMENTO<\/h2>\t\t<\/div>\n\t\t\t\t<\/div>\n\t\t\t\t<\/div>\n\t\t<div class=\"elementor-element elementor-element-f4aeb48 e-con-full e-flex e-con e-child\" data-id=\"f4aeb48\" data-element_type=\"container\" data-settings=\"{&quot;jet_parallax_layout_list&quot;:[]}\">\n\t\t\t\t<div class=\"elementor-element elementor-element-fa11cab elementor-widget elementor-widget-image\" data-id=\"fa11cab\" data-element_type=\"widget\" data-widget_type=\"image.default\">\n\t\t\t\t<div class=\"elementor-widget-container\">\n\t\t\t<style>\/*! elementor - v3.23.0 - 05-08-2024 *\/\n.elementor-widget-image{text-align:center}.elementor-widget-image a{display:inline-block}.elementor-widget-image a img[src$=\".svg\"]{width:48px}.elementor-widget-image img{vertical-align:middle;display:inline-block}<\/style>\t\t\t\t\t\t\t\t\t\t<img fetchpriority=\"high\" decoding=\"async\" width=\"724\" height=\"1024\" src=\"https:\/\/www.ilrumoredellutto.com\/new\/wp-content\/uploads\/2026\/09\/POSTER_IRDL_2026_LODE-724x1024.png\" class=\"attachment-large size-large wp-image-14416\" alt=\"\" srcset=\"https:\/\/www.ilrumoredellutto.com\/new\/wp-content\/uploads\/2026\/09\/POSTER_IRDL_2026_LODE-724x1024.png 724w, https:\/\/www.ilrumoredellutto.com\/new\/wp-content\/uploads\/2026\/09\/POSTER_IRDL_2026_LODE-212x300.png 212w, https:\/\/www.ilrumoredellutto.com\/new\/wp-content\/uploads\/2026\/09\/POSTER_IRDL_2026_LODE-768x1086.png 768w, https:\/\/www.ilrumoredellutto.com\/new\/wp-content\/uploads\/2026\/09\/POSTER_IRDL_2026_LODE-17x24.png 17w, https:\/\/www.ilrumoredellutto.com\/new\/wp-content\/uploads\/2026\/09\/POSTER_IRDL_2026_LODE-25x36.png 25w, https:\/\/www.ilrumoredellutto.com\/new\/wp-content\/uploads\/2026\/09\/POSTER_IRDL_2026_LODE-34x48.png 34w, https:\/\/www.ilrumoredellutto.com\/new\/wp-content\/uploads\/2026\/09\/POSTER_IRDL_2026_LODE.png 794w\" sizes=\"(max-width: 724px) 100vw, 724px\" \/>\t\t\t\t\t\t\t\t\t\t\t\t\t<\/div>\n\t\t\t\t<\/div>\n\t\t\t\t<div class=\"elementor-element elementor-element-3fcf6d1 elementor-align-justify elementor-hidden-desktop elementor-hidden-tablet elementor-hidden-mobile elementor-widget elementor-widget-button\" data-id=\"3fcf6d1\" data-element_type=\"widget\" data-widget_type=\"button.default\">\n\t\t\t\t<div class=\"elementor-widget-container\">\n\t\t\t\t\t<div class=\"elementor-button-wrapper\">\n\t\t\t<a class=\"elementor-button elementor-button-link elementor-size-sm\" href=\"https:\/\/www.ilrumoredellutto.com\/new\/wp-content\/uploads\/2025\/09\/Libretto-IRDL-2025.pdf\">\n\t\t\t\t\t\t<span class=\"elementor-button-content-wrapper\">\n\t\t\t\t\t\t<span class=\"elementor-button-icon\">\n\t\t\t\t<svg aria-hidden=\"true\" class=\"e-font-icon-svg e-far-arrow-alt-circle-down\" viewBox=\"0 0 512 512\" xmlns=\"http:\/\/www.w3.org\/2000\/svg\"><path d=\"M256 8C119 8 8 119 8 256s111 248 248 248 248-111 248-248S393 8 256 8zm0 448c-110.5 0-200-89.5-200-200S145.5 56 256 56s200 89.5 200 200-89.5 200-200 200zm-32-316v116h-67c-10.7 0-16 12.9-8.5 20.5l99 99c4.7 4.7 12.3 4.7 17 0l99-99c7.6-7.6 2.2-20.5-8.5-20.5h-67V140c0-6.6-5.4-12-12-12h-40c-6.6 0-12 5.4-12 12z\"><\/path><\/svg>\t\t\t<\/span>\n\t\t\t\t\t\t\t\t\t<span class=\"elementor-button-text\">Scarica il libretto<\/span>\n\t\t\t\t\t<\/span>\n\t\t\t\t\t<\/a>\n\t\t<\/div>\n\t\t\t\t<\/div>\n\t\t\t\t<\/div>\n\t\t\t\t<div class=\"elementor-element elementor-element-e5d829f elementor-widget elementor-widget-text-editor\" data-id=\"e5d829f\" data-element_type=\"widget\" data-widget_type=\"text-editor.default\">\n\t\t\t\t<div class=\"elementor-widget-container\">\n\t\t\t\t\t\t\t<p><span style=\"color: #af792f;\"><strong>IL RUMORE DEL LUTTO, <\/strong><\/span><br \/><span style=\"color: #af792f;\"><strong>XX EDIZIONE, \u201cLODE\u201d<\/strong><\/span><br \/><span style=\"color: #999999;\"><em>La prima Rassegna di Cultura in Death Education<\/em><\/span><\/p><p><strong>Direzione scientifica e artistica<\/strong><br \/>Maria Angela Gelati e Marco Pipitone<\/p><p><b><i>Vivi intensamente, Abbraccia ogni istante<br \/><\/i><\/b>La frase &#8220;Vivi intensamente, Abbraccia ogni istante&#8221; racchiude un messaggio profondo, che rispecchia perfettamente l&#8217;essenza del Festival. Questo invito ci ricorda che la vita \u00e8 preziosa e transitoria. L&#8217;intensit\u00e0 della vita non si misura solo in termini di quantit\u00e0, ma nella qualit\u00e0 delle esperienze e delle emozioni. Vivere intensamente abbracciando ogni istante significa essere presenti, consapevoli di ci\u00f2 che accade intorno e dentro di noi, senza evitare il dolore o la perdita, ma accettandoli come parte integrante del viaggio.<\/p>\t\t\t\t\t\t<\/div>\n\t\t\t\t<\/div>\n\t\t<div class=\"elementor-element elementor-element-38bfe06 e-con-full e-flex e-con e-child\" data-id=\"38bfe06\" data-element_type=\"container\" data-settings=\"{&quot;jet_parallax_layout_list&quot;:[]}\">\n\t\t\t\t<div class=\"elementor-element elementor-element-46707c4 elementor-widget elementor-widget-text-editor\" data-id=\"46707c4\" data-element_type=\"widget\" data-widget_type=\"text-editor.default\">\n\t\t\t\t<div class=\"elementor-widget-container\">\n\t\t\t\t\t\t\t<p>PARTNERSHIP<\/p>\t\t\t\t\t\t<\/div>\n\t\t\t\t<\/div>\n\t\t<div class=\"elementor-element elementor-element-3c04cc7 e-grid e-con-full e-con e-child\" data-id=\"3c04cc7\" data-element_type=\"container\" data-settings=\"{&quot;jet_parallax_layout_list&quot;:[]}\">\n\t\t\t\t<div class=\"elementor-element elementor-element-d642ed7 elementor-widget elementor-widget-image\" data-id=\"d642ed7\" data-element_type=\"widget\" data-widget_type=\"image.default\">\n\t\t\t\t<div class=\"elementor-widget-container\">\n\t\t\t\t\t\t\t\t\t\t\t\t\t<img decoding=\"async\" width=\"250\" height=\"125\" src=\"https:\/\/www.ilrumoredellutto.com\/new\/wp-content\/uploads\/2025\/08\/OPERA-1.png\" class=\"attachment-full size-full wp-image-14057\" alt=\"\" srcset=\"https:\/\/www.ilrumoredellutto.com\/new\/wp-content\/uploads\/2025\/08\/OPERA-1.png 250w, https:\/\/www.ilrumoredellutto.com\/new\/wp-content\/uploads\/2025\/08\/OPERA-1-24x12.png 24w, https:\/\/www.ilrumoredellutto.com\/new\/wp-content\/uploads\/2025\/08\/OPERA-1-36x18.png 36w, https:\/\/www.ilrumoredellutto.com\/new\/wp-content\/uploads\/2025\/08\/OPERA-1-48x24.png 48w\" sizes=\"(max-width: 250px) 100vw, 250px\" \/>\t\t\t\t\t\t\t\t\t\t\t\t\t<\/div>\n\t\t\t\t<\/div>\n\t\t\t\t<div class=\"elementor-element elementor-element-52044cd elementor-widget elementor-widget-image\" data-id=\"52044cd\" data-element_type=\"widget\" data-widget_type=\"image.default\">\n\t\t\t\t<div class=\"elementor-widget-container\">\n\t\t\t\t\t\t\t\t\t\t\t\t\t<img decoding=\"async\" width=\"250\" height=\"125\" src=\"https:\/\/www.ilrumoredellutto.com\/new\/wp-content\/uploads\/2023\/09\/tuttevita.png\" class=\"attachment-full size-full wp-image-12624\" alt=\"\" srcset=\"https:\/\/www.ilrumoredellutto.com\/new\/wp-content\/uploads\/2023\/09\/tuttevita.png 250w, https:\/\/www.ilrumoredellutto.com\/new\/wp-content\/uploads\/2023\/09\/tuttevita-24x12.png 24w, https:\/\/www.ilrumoredellutto.com\/new\/wp-content\/uploads\/2023\/09\/tuttevita-36x18.png 36w, https:\/\/www.ilrumoredellutto.com\/new\/wp-content\/uploads\/2023\/09\/tuttevita-48x24.png 48w\" sizes=\"(max-width: 250px) 100vw, 250px\" \/>\t\t\t\t\t\t\t\t\t\t\t\t\t<\/div>\n\t\t\t\t<\/div>\n\t\t\t\t<div class=\"elementor-element elementor-element-b726059 elementor-widget elementor-widget-image\" data-id=\"b726059\" data-element_type=\"widget\" data-widget_type=\"image.default\">\n\t\t\t\t<div class=\"elementor-widget-container\">\n\t\t\t\t\t\t\t\t\t\t\t\t\t<img loading=\"lazy\" decoding=\"async\" width=\"250\" height=\"125\" src=\"https:\/\/www.ilrumoredellutto.com\/new\/wp-content\/uploads\/2024\/02\/SOCREM.png\" class=\"attachment-full size-full wp-image-13667\" alt=\"\" srcset=\"https:\/\/www.ilrumoredellutto.com\/new\/wp-content\/uploads\/2024\/02\/SOCREM.png 250w, https:\/\/www.ilrumoredellutto.com\/new\/wp-content\/uploads\/2024\/02\/SOCREM-24x12.png 24w, https:\/\/www.ilrumoredellutto.com\/new\/wp-content\/uploads\/2024\/02\/SOCREM-36x18.png 36w, https:\/\/www.ilrumoredellutto.com\/new\/wp-content\/uploads\/2024\/02\/SOCREM-48x24.png 48w\" sizes=\"(max-width: 250px) 100vw, 250px\" \/>\t\t\t\t\t\t\t\t\t\t\t\t\t<\/div>\n\t\t\t\t<\/div>\n\t\t\t\t<div class=\"elementor-element elementor-element-73ec82b elementor-widget elementor-widget-image\" data-id=\"73ec82b\" data-element_type=\"widget\" data-widget_type=\"image.default\">\n\t\t\t\t<div class=\"elementor-widget-container\">\n\t\t\t\t\t\t\t\t\t\t\t\t\t<img loading=\"lazy\" decoding=\"async\" width=\"250\" height=\"125\" src=\"https:\/\/www.ilrumoredellutto.com\/new\/wp-content\/uploads\/2025\/08\/albero-1.png\" class=\"attachment-full size-full wp-image-14061\" alt=\"\" srcset=\"https:\/\/www.ilrumoredellutto.com\/new\/wp-content\/uploads\/2025\/08\/albero-1.png 250w, https:\/\/www.ilrumoredellutto.com\/new\/wp-content\/uploads\/2025\/08\/albero-1-24x12.png 24w, https:\/\/www.ilrumoredellutto.com\/new\/wp-content\/uploads\/2025\/08\/albero-1-36x18.png 36w, https:\/\/www.ilrumoredellutto.com\/new\/wp-content\/uploads\/2025\/08\/albero-1-48x24.png 48w\" sizes=\"(max-width: 250px) 100vw, 250px\" \/>\t\t\t\t\t\t\t\t\t\t\t\t\t<\/div>\n\t\t\t\t<\/div>\n\t\t\t\t<div class=\"elementor-element elementor-element-e92cf80 elementor-widget elementor-widget-image\" data-id=\"e92cf80\" data-element_type=\"widget\" data-widget_type=\"image.default\">\n\t\t\t\t<div class=\"elementor-widget-container\">\n\t\t\t\t\t\t\t\t\t\t\t\t\t<img loading=\"lazy\" decoding=\"async\" width=\"250\" height=\"125\" src=\"https:\/\/www.ilrumoredellutto.com\/new\/wp-content\/uploads\/2025\/08\/VERDI.png\" class=\"attachment-full size-full wp-image-14062\" alt=\"\" srcset=\"https:\/\/www.ilrumoredellutto.com\/new\/wp-content\/uploads\/2025\/08\/VERDI.png 250w, https:\/\/www.ilrumoredellutto.com\/new\/wp-content\/uploads\/2025\/08\/VERDI-24x12.png 24w, https:\/\/www.ilrumoredellutto.com\/new\/wp-content\/uploads\/2025\/08\/VERDI-36x18.png 36w, https:\/\/www.ilrumoredellutto.com\/new\/wp-content\/uploads\/2025\/08\/VERDI-48x24.png 48w\" sizes=\"(max-width: 250px) 100vw, 250px\" \/>\t\t\t\t\t\t\t\t\t\t\t\t\t<\/div>\n\t\t\t\t<\/div>\n\t\t\t\t<div class=\"elementor-element elementor-element-12858bf elementor-widget elementor-widget-image\" data-id=\"12858bf\" data-element_type=\"widget\" data-widget_type=\"image.default\">\n\t\t\t\t<div class=\"elementor-widget-container\">\n\t\t\t\t\t\t\t\t\t\t\t\t\t<img loading=\"lazy\" decoding=\"async\" width=\"250\" height=\"125\" src=\"https:\/\/www.ilrumoredellutto.com\/new\/wp-content\/uploads\/2025\/08\/micro.png\" class=\"attachment-large size-large wp-image-14063\" alt=\"\" srcset=\"https:\/\/www.ilrumoredellutto.com\/new\/wp-content\/uploads\/2025\/08\/micro.png 250w, https:\/\/www.ilrumoredellutto.com\/new\/wp-content\/uploads\/2025\/08\/micro-24x12.png 24w, https:\/\/www.ilrumoredellutto.com\/new\/wp-content\/uploads\/2025\/08\/micro-36x18.png 36w, https:\/\/www.ilrumoredellutto.com\/new\/wp-content\/uploads\/2025\/08\/micro-48x24.png 48w\" sizes=\"(max-width: 250px) 100vw, 250px\" \/>\t\t\t\t\t\t\t\t\t\t\t\t\t<\/div>\n\t\t\t\t<\/div>\n\t\t\t\t<div class=\"elementor-element elementor-element-aca03d9 elementor-widget elementor-widget-image\" data-id=\"aca03d9\" data-element_type=\"widget\" data-widget_type=\"image.default\">\n\t\t\t\t<div class=\"elementor-widget-container\">\n\t\t\t\t\t\t\t\t\t\t\t\t\t<img loading=\"lazy\" decoding=\"async\" width=\"250\" height=\"125\" src=\"https:\/\/www.ilrumoredellutto.com\/new\/wp-content\/uploads\/2022\/09\/danza.png\" class=\"attachment-full size-full wp-image-12329\" alt=\"\" srcset=\"https:\/\/www.ilrumoredellutto.com\/new\/wp-content\/uploads\/2022\/09\/danza.png 250w, https:\/\/www.ilrumoredellutto.com\/new\/wp-content\/uploads\/2022\/09\/danza-24x12.png 24w, https:\/\/www.ilrumoredellutto.com\/new\/wp-content\/uploads\/2022\/09\/danza-36x18.png 36w, https:\/\/www.ilrumoredellutto.com\/new\/wp-content\/uploads\/2022\/09\/danza-48x24.png 48w\" sizes=\"(max-width: 250px) 100vw, 250px\" \/>\t\t\t\t\t\t\t\t\t\t\t\t\t<\/div>\n\t\t\t\t<\/div>\n\t\t\t\t<div class=\"elementor-element elementor-element-93b3ad2 elementor-widget elementor-widget-image\" data-id=\"93b3ad2\" data-element_type=\"widget\" data-widget_type=\"image.default\">\n\t\t\t\t<div class=\"elementor-widget-container\">\n\t\t\t\t\t\t\t\t\t\t\t\t\t<img loading=\"lazy\" decoding=\"async\" width=\"250\" height=\"125\" src=\"https:\/\/www.ilrumoredellutto.com\/new\/wp-content\/uploads\/2026\/08\/musica-insieme.png\" class=\"attachment-large size-large wp-image-14378\" alt=\"\" srcset=\"https:\/\/www.ilrumoredellutto.com\/new\/wp-content\/uploads\/2026\/08\/musica-insieme.png 250w, https:\/\/www.ilrumoredellutto.com\/new\/wp-content\/uploads\/2026\/08\/musica-insieme-24x12.png 24w, https:\/\/www.ilrumoredellutto.com\/new\/wp-content\/uploads\/2026\/08\/musica-insieme-36x18.png 36w, https:\/\/www.ilrumoredellutto.com\/new\/wp-content\/uploads\/2026\/08\/musica-insieme-48x24.png 48w\" sizes=\"(max-width: 250px) 100vw, 250px\" \/>\t\t\t\t\t\t\t\t\t\t\t\t\t<\/div>\n\t\t\t\t<\/div>\n\t\t\t\t<div class=\"elementor-element elementor-element-974426c elementor-widget elementor-widget-image\" data-id=\"974426c\" data-element_type=\"widget\" data-widget_type=\"image.default\">\n\t\t\t\t<div class=\"elementor-widget-container\">\n\t\t\t\t\t\t\t\t\t\t\t\t\t<img loading=\"lazy\" decoding=\"async\" width=\"250\" height=\"125\" src=\"https:\/\/www.ilrumoredellutto.com\/new\/wp-content\/uploads\/2026\/08\/palazzo-magnani.png\" class=\"attachment-large size-large wp-image-14379\" alt=\"\" srcset=\"https:\/\/www.ilrumoredellutto.com\/new\/wp-content\/uploads\/2026\/08\/palazzo-magnani.png 250w, https:\/\/www.ilrumoredellutto.com\/new\/wp-content\/uploads\/2026\/08\/palazzo-magnani-24x12.png 24w, https:\/\/www.ilrumoredellutto.com\/new\/wp-content\/uploads\/2026\/08\/palazzo-magnani-36x18.png 36w, https:\/\/www.ilrumoredellutto.com\/new\/wp-content\/uploads\/2026\/08\/palazzo-magnani-48x24.png 48w\" sizes=\"(max-width: 250px) 100vw, 250px\" \/>\t\t\t\t\t\t\t\t\t\t\t\t\t<\/div>\n\t\t\t\t<\/div>\n\t\t\t\t<div class=\"elementor-element elementor-element-7013b36 elementor-widget elementor-widget-image\" data-id=\"7013b36\" data-element_type=\"widget\" data-widget_type=\"image.default\">\n\t\t\t\t<div class=\"elementor-widget-container\">\n\t\t\t\t\t\t\t\t\t\t\t\t\t<img loading=\"lazy\" decoding=\"async\" width=\"250\" height=\"125\" src=\"https:\/\/www.ilrumoredellutto.com\/new\/wp-content\/uploads\/2025\/08\/amnic-1.png\" class=\"attachment-large size-large wp-image-14064\" alt=\"\" srcset=\"https:\/\/www.ilrumoredellutto.com\/new\/wp-content\/uploads\/2025\/08\/amnic-1.png 250w, https:\/\/www.ilrumoredellutto.com\/new\/wp-content\/uploads\/2025\/08\/amnic-1-24x12.png 24w, https:\/\/www.ilrumoredellutto.com\/new\/wp-content\/uploads\/2025\/08\/amnic-1-36x18.png 36w, https:\/\/www.ilrumoredellutto.com\/new\/wp-content\/uploads\/2025\/08\/amnic-1-48x24.png 48w\" sizes=\"(max-width: 250px) 100vw, 250px\" \/>\t\t\t\t\t\t\t\t\t\t\t\t\t<\/div>\n\t\t\t\t<\/div>\n\t\t\t\t<div class=\"elementor-element elementor-element-7565b2e elementor-widget elementor-widget-image\" data-id=\"7565b2e\" data-element_type=\"widget\" data-widget_type=\"image.default\">\n\t\t\t\t<div class=\"elementor-widget-container\">\n\t\t\t\t\t\t\t\t\t\t\t\t\t<img decoding=\"async\" src=\"https:\/\/www.ilrumoredellutto.com\/new\/wp-content\/uploads\/elementor\/thumbs\/videotype-rb0fjxqipnh19j7xqnovs3yafzab5i719loxgns354.png\" title=\"videotype\" alt=\"videotype\" loading=\"lazy\" \/>\t\t\t\t\t\t\t\t\t\t\t\t\t<\/div>\n\t\t\t\t<\/div>\n\t\t\t\t<div class=\"elementor-element elementor-element-37ccc4b elementor-widget elementor-widget-image\" data-id=\"37ccc4b\" data-element_type=\"widget\" data-widget_type=\"image.default\">\n\t\t\t\t<div class=\"elementor-widget-container\">\n\t\t\t\t\t\t\t\t\t\t\t\t\t<img loading=\"lazy\" decoding=\"async\" width=\"250\" height=\"125\" src=\"https:\/\/www.ilrumoredellutto.com\/new\/wp-content\/uploads\/2022\/09\/cs.png\" class=\"attachment-full size-full wp-image-12353\" alt=\"\" srcset=\"https:\/\/www.ilrumoredellutto.com\/new\/wp-content\/uploads\/2022\/09\/cs.png 250w, https:\/\/www.ilrumoredellutto.com\/new\/wp-content\/uploads\/2022\/09\/cs-24x12.png 24w, https:\/\/www.ilrumoredellutto.com\/new\/wp-content\/uploads\/2022\/09\/cs-36x18.png 36w, https:\/\/www.ilrumoredellutto.com\/new\/wp-content\/uploads\/2022\/09\/cs-48x24.png 48w\" sizes=\"(max-width: 250px) 100vw, 250px\" \/>\t\t\t\t\t\t\t\t\t\t\t\t\t<\/div>\n\t\t\t\t<\/div>\n\t\t\t\t<div class=\"elementor-element elementor-element-3b6f2f8 elementor-widget elementor-widget-image\" data-id=\"3b6f2f8\" data-element_type=\"widget\" data-widget_type=\"image.default\">\n\t\t\t\t<div class=\"elementor-widget-container\">\n\t\t\t\t\t\t\t\t\t\t\t\t\t<img loading=\"lazy\" decoding=\"async\" width=\"250\" height=\"125\" src=\"https:\/\/www.ilrumoredellutto.com\/new\/wp-content\/uploads\/2025\/08\/invita-1.png\" class=\"attachment-large size-large wp-image-14066\" alt=\"\" srcset=\"https:\/\/www.ilrumoredellutto.com\/new\/wp-content\/uploads\/2025\/08\/invita-1.png 250w, https:\/\/www.ilrumoredellutto.com\/new\/wp-content\/uploads\/2025\/08\/invita-1-24x12.png 24w, https:\/\/www.ilrumoredellutto.com\/new\/wp-content\/uploads\/2025\/08\/invita-1-36x18.png 36w, https:\/\/www.ilrumoredellutto.com\/new\/wp-content\/uploads\/2025\/08\/invita-1-48x24.png 48w\" sizes=\"(max-width: 250px) 100vw, 250px\" \/>\t\t\t\t\t\t\t\t\t\t\t\t\t<\/div>\n\t\t\t\t<\/div>\n\t\t\t\t<div class=\"elementor-element elementor-element-1f27797 elementor-widget elementor-widget-image\" data-id=\"1f27797\" data-element_type=\"widget\" data-widget_type=\"image.default\">\n\t\t\t\t<div class=\"elementor-widget-container\">\n\t\t\t\t\t\t\t\t\t\t\t\t\t<img loading=\"lazy\" decoding=\"async\" width=\"250\" height=\"125\" src=\"https:\/\/www.ilrumoredellutto.com\/new\/wp-content\/uploads\/2025\/08\/zerok.png\" class=\"attachment-large size-large wp-image-14067\" alt=\"\" srcset=\"https:\/\/www.ilrumoredellutto.com\/new\/wp-content\/uploads\/2025\/08\/zerok.png 250w, https:\/\/www.ilrumoredellutto.com\/new\/wp-content\/uploads\/2025\/08\/zerok-24x12.png 24w, https:\/\/www.ilrumoredellutto.com\/new\/wp-content\/uploads\/2025\/08\/zerok-36x18.png 36w, https:\/\/www.ilrumoredellutto.com\/new\/wp-content\/uploads\/2025\/08\/zerok-48x24.png 48w\" sizes=\"(max-width: 250px) 100vw, 250px\" \/>\t\t\t\t\t\t\t\t\t\t\t\t\t<\/div>\n\t\t\t\t<\/div>\n\t\t\t\t<div class=\"elementor-element elementor-element-a00c12c elementor-widget elementor-widget-image\" data-id=\"a00c12c\" data-element_type=\"widget\" data-widget_type=\"image.default\">\n\t\t\t\t<div class=\"elementor-widget-container\">\n\t\t\t\t\t\t\t\t\t\t\t\t\t<img loading=\"lazy\" decoding=\"async\" width=\"250\" height=\"125\" src=\"https:\/\/www.ilrumoredellutto.com\/new\/wp-content\/uploads\/2025\/08\/rp.png\" class=\"attachment-large size-large wp-image-14068\" alt=\"\" srcset=\"https:\/\/www.ilrumoredellutto.com\/new\/wp-content\/uploads\/2025\/08\/rp.png 250w, https:\/\/www.ilrumoredellutto.com\/new\/wp-content\/uploads\/2025\/08\/rp-24x12.png 24w, https:\/\/www.ilrumoredellutto.com\/new\/wp-content\/uploads\/2025\/08\/rp-36x18.png 36w, https:\/\/www.ilrumoredellutto.com\/new\/wp-content\/uploads\/2025\/08\/rp-48x24.png 48w\" sizes=\"(max-width: 250px) 100vw, 250px\" \/>\t\t\t\t\t\t\t\t\t\t\t\t\t<\/div>\n\t\t\t\t<\/div>\n\t\t\t\t<div class=\"elementor-element elementor-element-46b69f3 elementor-widget elementor-widget-image\" data-id=\"46b69f3\" data-element_type=\"widget\" data-widget_type=\"image.default\">\n\t\t\t\t<div class=\"elementor-widget-container\">\n\t\t\t\t\t\t\t\t\t\t\t\t\t<img loading=\"lazy\" decoding=\"async\" width=\"250\" height=\"125\" src=\"https:\/\/www.ilrumoredellutto.com\/new\/wp-content\/uploads\/2024\/02\/ARTEMIS.png\" class=\"attachment-large size-large wp-image-13668\" alt=\"\" srcset=\"https:\/\/www.ilrumoredellutto.com\/new\/wp-content\/uploads\/2024\/02\/ARTEMIS.png 250w, https:\/\/www.ilrumoredellutto.com\/new\/wp-content\/uploads\/2024\/02\/ARTEMIS-24x12.png 24w, https:\/\/www.ilrumoredellutto.com\/new\/wp-content\/uploads\/2024\/02\/ARTEMIS-36x18.png 36w, https:\/\/www.ilrumoredellutto.com\/new\/wp-content\/uploads\/2024\/02\/ARTEMIS-48x24.png 48w\" sizes=\"(max-width: 250px) 100vw, 250px\" \/>\t\t\t\t\t\t\t\t\t\t\t\t\t<\/div>\n\t\t\t\t<\/div>\n\t\t\t\t<\/div>\n\t\t\t\t<\/div>\n\t\t\t\t<div class=\"elementor-element elementor-element-b94149b elementor-widget elementor-widget-text-editor\" data-id=\"b94149b\" data-element_type=\"widget\" data-widget_type=\"text-editor.default\">\n\t\t\t\t<div class=\"elementor-widget-container\">\n\t\t\t\t\t\t\t<div class=\" vc_custom_1694353105934\"><div id=\"text-block-41\" class=\"mk-text-block \"><p><strong>Ufficio stampa nazionale <br \/><\/strong>Giulia Zanichelli<\/p><p><strong>Ufficio stampa Parma<br \/><\/strong>Raffaella Ilari<\/p><p><strong>Ufficio stampa Reggio Emilia<br \/><\/strong>Kaiti expansion<\/p><p><strong>Ufficio stampa Bologna<br \/><\/strong>Sabrina Camonchia<\/p><p><strong>Ufficio stampa Genova<br \/><\/strong>Liguria Day<\/p><p><strong>Ufficio Comunicazione e Marketing<\/strong><\/p><p><strong>Istituzionale del Comune di Olbia<\/strong><\/p><p><strong>\u00a0<\/strong><\/p><p><strong>Coordinamento Organizzazione<br \/><\/strong>Silvia Albanese<\/p><p><strong>Amministrazione<br \/><\/strong>Anna Ida Cortese<\/p><p><strong>Logistica e Produzione<br \/><\/strong>Elena De Pascale<\/p><p><strong>Responsabile tecnico<br \/><\/strong>Francesco Chiari<\/p><p><strong>Social Media Manager<br \/><\/strong>Mathias Mocci<\/p><p><strong>Progetto Grafico<br \/><\/strong>Nicola Gatti, Laura Scivoli<\/p><p><strong>Photo Art<br \/><\/strong>Elisa Magnoni<\/p><p><strong>Video Art<br \/><\/strong>Mathias Mocci, Matteo Morisi<\/p><p><strong>Biglietteria<br \/><\/strong>Mariavittoria Dalla Turca<\/p><p><strong>Coordinamento Volontari<br \/><\/strong>Silvia Buia<\/p><p><strong>Supporto agli Ospiti <br \/><\/strong>Chiara Conti<\/p><p><strong>Catering<br \/><\/strong>Stefano Esserairi<\/p><p><strong>Driver <br \/><\/strong>Fabrizio Arletti<\/p><p>\u00a0<\/p><\/div><\/div>\t\t\t\t\t\t<\/div>\n\t\t\t\t<\/div>\n\t\t\t\t<\/div>\n\t\t\t\t<\/div>\n\t\t\t\t<\/div>\n\t\t\t\t\t<\/div>\n\t\t\t\t<\/div>\n\t\t\t\t<\/div>\n\t\t","protected":false},"excerpt":{"rendered":"<p>PROGRAMMA DEL FESTIVAL Cliccare sulle date sottostanti per espandere e leggere gli eventi della giornata Tutti gli eventi sono ad ingresso libero, escluso quelli segnalati con asterisco CONFERENZE STAMPA E ANTEPRIMA 11, 15, 17 SETTEMBRE VENERD\u00ec 11 SETTEMBRE Ore 17.00 &#8211; Galleria San Ludovico &#8211; B.go del Parmigianino 2, \u00a0Parma Conferenza Stampa di Lode, XX [&hellip;]<\/p>\n","protected":false},"author":1,"featured_media":0,"parent":0,"menu_order":0,"comment_status":"open","ping_status":"closed","template":"","meta":{"_acf_changed":false,"footnotes":""},"class_list":["post-14283","page","type-page","status-publish","hentry"],"acf":[],"_links":{"self":[{"href":"https:\/\/www.ilrumoredellutto.com\/new\/wp-json\/wp\/v2\/pages\/14283"}],"collection":[{"href":"https:\/\/www.ilrumoredellutto.com\/new\/wp-json\/wp\/v2\/pages"}],"about":[{"href":"https:\/\/www.ilrumoredellutto.com\/new\/wp-json\/wp\/v2\/types\/page"}],"author":[{"embeddable":true,"href":"https:\/\/www.ilrumoredellutto.com\/new\/wp-json\/wp\/v2\/users\/1"}],"replies":[{"embeddable":true,"href":"https:\/\/www.ilrumoredellutto.com\/new\/wp-json\/wp\/v2\/comments?post=14283"}],"version-history":[{"count":13,"href":"https:\/\/www.ilrumoredellutto.com\/new\/wp-json\/wp\/v2\/pages\/14283\/revisions"}],"predecessor-version":[{"id":14422,"href":"https:\/\/www.ilrumoredellutto.com\/new\/wp-json\/wp\/v2\/pages\/14283\/revisions\/14422"}],"wp:attachment":[{"href":"https:\/\/www.ilrumoredellutto.com\/new\/wp-json\/wp\/v2\/media?parent=14283"}],"curies":[{"name":"wp","href":"https:\/\/api.w.org\/{rel}","templated":true}]}}